{"id":180,"date":"2018-04-20T10:46:04","date_gmt":"2018-04-20T08:46:04","guid":{"rendered":"http:\/\/coaching37.fr\/?page_id=180"},"modified":"2020-12-10T09:59:46","modified_gmt":"2020-12-10T08:59:46","slug":"membre-emcc","status":"publish","type":"page","link":"https:\/\/coaching37.fr\/index.php\/membre-emcc\/","title":{"rendered":"Membre EMCC"},"content":{"rendered":"<p>Je suis membre de l&#8217;EMCC (European Mentoring and Coaching Council) :\u00a0<a href=\"http:\/\/www.emccfrance.org\/utilisateur\/christelle-vidal\/\">http:\/\/www.emccfrance.org\/utilisateur\/christelle-vidal\/<\/a><\/p>\n<p>Je suis r\u00e9f\u00e9rente pour les ateliers de la professionnalisation au sein de l&#8217;antenne EMCC Touraine.<\/p>\n","protected":false},"excerpt":{"rendered":"<p>Je suis membre de l&#8217;EMCC (European Mentoring and Coaching Council) :\u00a0http:\/\/www.emccfrance.org\/utilisateur\/christelle-vidal\/ Je suis r\u00e9f\u00e9rente pour les ateliers de la professionnalisation au sein de l&#8217;antenne EMCC Touraine.<\/p>\n","protected":false},"author":1,"featured_media":0,"parent":0,"menu_order":0,"comment_status":"closed","ping_status":"closed","template":"","meta":{"spay_email":""},"jetpack_sharing_enabled":true,"jetpack_shortlink":"https:\/\/wp.me\/P9OI2S-2U","jetpack-related-posts":[{"id":47,"url":"https:\/\/coaching37.fr\/index.php\/accueil\/qui-suis-je\/","url_meta":{"origin":180,"position":0},"title":"Qui suis je ?","date":"25 September 2017","format":false,"excerpt":"Ing\u00e9nieur de formation, j\u2019ai exerc\u00e9 en tant qu\u2019ing\u00e9nieur d\u2019\u00e9tudes, pilote de projets ou coordinatrice technique, en veillant sur chacun de mes missions \u00e0 \u00e9couter, comprendre, mettre en relation et f\u00e9d\u00e9rer les diff\u00e9rents acteurs. De nature cr\u00e9ative, je pratique le dessin, le piano, le chant,\u2026 Je puise mon inspiration dans la\u2026","rel":"","context":"Similar post","img":{"alt_text":"","src":"","width":0,"height":0},"classes":[]},{"id":267,"url":"https:\/\/coaching37.fr\/index.php\/accueil\/qui-suis-je\/unatera\/","url_meta":{"origin":180,"position":1},"title":"Membre d'UNATERA","date":"10 December 2020","format":false,"excerpt":"L\u2019\u00e9cosyst\u00e8me d\u2019Unatera est une communaut\u00e9 d\u2019entraide, de croissance et de partage d\u2019exp\u00e9riences\u00a0autour de la transformation positive des individus et des entreprises. Tous les membres de l\u2019\u00e9cosyst\u00e8me sont investis dans un chemin personnel d\u2019engagement soci\u00e9tal et une \u00e9thique \u00e9co-responsable au service du vivant.","rel":"","context":"Similar post","img":{"alt_text":"","src":"","width":0,"height":0},"classes":[]},{"id":64,"url":"https:\/\/coaching37.fr\/index.php\/accueil\/coach-de-quoi\/","url_meta":{"origin":180,"position":2},"title":"Coach de quoi ?","date":"25 September 2017","format":false,"excerpt":"C'est souvent la premi\u00e8re question que l'on me pose lorsque je dis que je suis coach ! http:\/\/coaching37.fr\/index.php\/accueil\/coach-de-quoi\/coach-milieu-pro\/ http:\/\/coaching37.fr\/index.php\/et-le-co-developpement-cest-quoi\/ http:\/\/coaching37.fr\/index.php\/accueil\/coach-de-quoi\/coaching-de-vie\/","rel":"","context":"Similar post","img":{"alt_text":"","src":"","width":0,"height":0},"classes":[]},{"id":84,"url":"https:\/\/coaching37.fr\/index.php\/si-jetais-un-objet\/","url_meta":{"origin":180,"position":3},"title":"Si j'\u00e9tais un objet ...","date":"28 September 2017","format":false,"excerpt":"Lors d\u2019une de mes premi\u00e8res s\u00e9ances de coaching, mon coach m\u2019a demand\u00e9 de trouver un objet qui me repr\u00e9sente\u00a0! Quelle difficile t\u00e2che et que de r\u00e9flexions\u00a0! Un objet est par essence restrictif (une chaise rouge,\u2026) alors d\u2019un \u00eatre vivant est multiple... dans tous les cas, je cherchais un objet qui\u2026","rel":"","context":"Similar post","img":{"alt_text":"","src":"","width":0,"height":0},"classes":[]},{"id":195,"url":"https:\/\/coaching37.fr\/index.php\/un-coaching-nature-et-naturel\/","url_meta":{"origin":180,"position":4},"title":"Un coaching nature et naturel","date":"7 April 2019","format":false,"excerpt":"\"Nature\" parce que je pense que la Nature est inspiratrice, r\u00e9g\u00e9n\u00e9ratrice, exemplaire dans son adaptation. Un coaching Nature pour garder sa capacit\u00e9 d'\u00e9merveillement de ce qui nous entoure, pour que la Nature soit ou reste le rayon de soleil qui perce \u00e0 travers les nuages et qui nous donne l'espoir\u2026","rel":"","context":"Similar post","img":{"alt_text":"","src":"","width":0,"height":0},"classes":[]},{"id":151,"url":"https:\/\/coaching37.fr\/index.php\/ma-formation\/","url_meta":{"origin":180,"position":5},"title":"Mes formations","date":"23 October 2017","format":false,"excerpt":"2017 J'ai suivi la formation de \"Coach personnel et professionnel\" \u00e0 l'Ecole Fran\u00e7aise de Coaching, groupe MHD. Je suis coach professionnelle certifi\u00e9. J'ai le titre professionnel RNCP \"Coach professionnel Niveau II, code NSF315\". 2018 Formation \"Cr\u00e9ativit\u00e9 et innovation\" Formation \"Les Cl\u00e9s du coaching Nature\" 2019 Design thinking Sensibilisation \u00e0 la\u2026","rel":"","context":"Similar post","img":{"alt_text":"","src":"","width":0,"height":0},"classes":[]}],"_links":{"self":[{"href":"https:\/\/coaching37.fr\/index.php\/wp-json\/wp\/v2\/pages\/180"}],"collection":[{"href":"https:\/\/coaching37.fr\/index.php\/wp-json\/wp\/v2\/pages"}],"about":[{"href":"https:\/\/coaching37.fr\/index.php\/wp-json\/wp\/v2\/types\/page"}],"author":[{"embeddable":true,"href":"https:\/\/coaching37.fr\/index.php\/wp-json\/wp\/v2\/users\/1"}],"replies":[{"embeddable":true,"href":"https:\/\/coaching37.fr\/index.php\/wp-json\/wp\/v2\/comments?post=180"}],"version-history":[{"count":5,"href":"https:\/\/coaching37.fr\/index.php\/wp-json\/wp\/v2\/pages\/180\/revisions"}],"predecessor-version":[{"id":255,"href":"https:\/\/coaching37.fr\/index.php\/wp-json\/wp\/v2\/pages\/180\/revisions\/255"}],"wp:attachment":[{"href":"https:\/\/coaching37.fr\/index.php\/wp-json\/wp\/v2\/media?parent=180"}],"curies":[{"name":"wp","href":"https:\/\/api.w.org\/{rel}","templated":true}]}}